{"id":440,"date":"2014-06-13T14:28:18","date_gmt":"2014-06-13T12:28:18","guid":{"rendered":"http:\/\/www.weikertstoana.de\/?page_id=440"},"modified":"2026-02-14T12:00:28","modified_gmt":"2026-02-14T10:00:28","slug":"interessante-links","status":"publish","type":"page","link":"http:\/\/www.weikertstoana.de\/?page_id=440","title":{"rendered":"Interessante Links"},"content":{"rendered":"<h6><strong>D\u00b4Weikertstoana Wei\u00dfbach<\/strong><\/h6>\n<p><em><a href=\"http:\/\/www.weikertstoana.de\/wp-content\/uploads\/2023\/03\/Beitrittserklaerung.pdf\" target=\"_blank\" rel=\"noopener noreferrer\">Aufnahmeantrag\/Beitrittserkl\u00e4rung<\/a><\/em><br \/>\n<em><a href=\"https:\/\/www.facebook.com\/Weikertstoana\">Facebook<\/a> I\u00a0<a href=\"https:\/\/www.instagram.com\/gtev_dweikertstoana_weissbach\/?igshid=YmMyMTA2M2Y%3D\">Instagram<\/a><\/em><\/p>\n<h6><\/h6>\n<h6><strong>Trachten- &amp; Gauverband<\/strong><\/h6>\n<p><em><a title=\"Trachtenverband Bayern\" href=\"http:\/\/www.trachtenverband-bayern.de\" target=\"_blank\" rel=\"noopener noreferrer\">Trachtenverband Bayern<\/a><\/em><br \/>\n<em><a title=\"Gauverband 1\" href=\"http:\/\/www.gauverband1.de\" target=\"_blank\" rel=\"noopener noreferrer\">Gauverband 1<\/a><\/em><\/p>\n<h6><\/h6>\n<h6><strong>Orts- &amp; Nachbarvereine<\/strong><\/h6>\n<p><em><a title=\"Musikkapelle Wei\u00dfbach a.d.A.\" href=\"http:\/\/www.musikkapelle-weissbach-ada.de\" target=\"_blank\" rel=\"noopener noreferrer\">Musikkapelle Wei\u00dfbach a.d.A<\/a><\/em><br \/>\n<em><a href=\"http:\/\/ffw-weissbach.de\/\" target=\"_blank\" rel=\"noopener noreferrer\">Freiwillige Feuerwehr Wei\u00dfbach<\/a><\/em><br \/>\n<em><a style=\"font-size: 14px;\" href=\"https:\/\/schneizlreuth.feuerwehren.bayern\/\" target=\"_blank\" rel=\"noopener\">Freiwillige Feuerwehr Schneizlreuth<\/a><\/em><br \/>\n<em><a href=\"https:\/\/www.sc-weissbach.de\/\" target=\"_blank\" rel=\"noopener noreferrer\">SC Wei\u00dfbach<\/a><br \/>\n<\/em><em><a title=\"Patenverein D&#96;Falkastaona-Inzell\" href=\"http:\/\/www.gtev-inzell.de\" target=\"_blank\" rel=\"noopener noreferrer\">Patenverein D`Falkastoana Inzell<\/a><\/em><br \/>\n<em><a style=\"font-size: 14px; color: #439f55;\" href=\"https:\/\/schneizlreuth.orts.app\/rubrics?q=Q46\" target=\"_blank\" rel=\"noopener noreferrer\">Reiteralmer Jettenberg<\/a><\/em><\/p>\n<h6><\/h6>\n<h6><strong>Gemeinde Schneizlreuth &amp; Ort Wei\u00dfbach<\/strong><\/h6>\n<p><em><a style=\"font-size: 14px; color: #439f55;\" title=\"Gemeinde Schneizlreuth\" href=\"https:\/\/www.schneizlreuth.de\/\" target=\"_blank\" rel=\"noopener noreferrer\">Gemeinde Schneizlreuth<\/a><\/em><br \/>\n<em><a href=\"https:\/\/schneizlreuth.orts.app\/\">Orts-App Schneizlreuth<\/a><br \/>\n<\/em><em><a href=\"https:\/\/www.erzbistum-muenchen.de\/pfarrei\/cont\/83838\" target=\"_blank\" rel=\"noopener\">Pfarrei Inzell \/ Wei\u00dfbach<\/a><\/em><br \/>\n<em><a href=\"https:\/\/hotel-alpenglueck.de\/\" target=\"_blank\" rel=\"noopener\">Hotel Alpengl\u00fcck<\/a><\/em><br \/>\n<em><a href=\"https:\/\/hotel-mauthaeusl.de\/\" target=\"_blank\" rel=\"noopener\">Hotel Mauth\u00e4usl<\/a><\/em><\/p>\n","protected":false},"excerpt":{"rendered":"<p>D\u00b4Weikertstoana Wei\u00dfbach Aufnahmeantrag\/Beitrittserkl\u00e4rung Facebook I\u00a0Instagram Trachten- &amp; Gauverband Trachtenverband Bayern Gauverband 1 Orts- &amp; Nachbarvereine Musikkapelle Wei\u00dfbach a.d.A Freiwillige Feuerwehr Wei\u00dfbach Freiwillige Feuerwehr Schneizlreuth SC Wei\u00dfbach Patenverein D`Falkastoana Inzell Reiteralmer Jettenberg Gemeinde Schneizlreuth &amp; Ort Wei\u00dfbach Gemeinde Schneizlreuth Orts-App Schneizlreuth&hellip; <\/p>\n","protected":false},"author":1,"featured_media":0,"parent":0,"menu_order":0,"comment_status":"closed","ping_status":"open","template":"","meta":{"footnotes":""},"class_list":["post-440","page","type-page","status-publish","hentry"],"_links":{"self":[{"href":"http:\/\/www.weikertstoana.de\/index.php?rest_route=\/wp\/v2\/pages\/440","targetHints":{"allow":["GET"]}}],"collection":[{"href":"http:\/\/www.weikertstoana.de\/index.php?rest_route=\/wp\/v2\/pages"}],"about":[{"href":"http:\/\/www.weikertstoana.de\/index.php?rest_route=\/wp\/v2\/types\/page"}],"author":[{"embeddable":true,"href":"http:\/\/www.weikertstoana.de\/index.php?rest_route=\/wp\/v2\/users\/1"}],"replies":[{"embeddable":true,"href":"http:\/\/www.weikertstoana.de\/index.php?rest_route=%2Fwp%2Fv2%2Fcomments&post=440"}],"version-history":[{"count":25,"href":"http:\/\/www.weikertstoana.de\/index.php?rest_route=\/wp\/v2\/pages\/440\/revisions"}],"predecessor-version":[{"id":5447,"href":"http:\/\/www.weikertstoana.de\/index.php?rest_route=\/wp\/v2\/pages\/440\/revisions\/5447"}],"wp:attachment":[{"href":"http:\/\/www.weikertstoana.de\/index.php?rest_route=%2Fwp%2Fv2%2Fmedia&parent=440"}],"curies":[{"name":"wp","href":"https:\/\/api.w.org\/{rel}","templated":true}]}}